{"id":280,"date":"2017-05-30T15:15:36","date_gmt":"2017-05-30T14:15:36","guid":{"rendered":"http:\/\/www.glandasstrail.com\/?page_id=280"},"modified":"2024-06-26T10:25:06","modified_gmt":"2024-06-26T09:25:06","slug":"sejour","status":"publish","type":"page","link":"https:\/\/glandasstrail.com\/?page_id=280","title":{"rendered":"S\u00e9jour"},"content":{"rendered":"<p>Bien pr\u00e9parer votre s\u00e9jour !<\/p>\n<p>Venir \u00e0 <a href=\"http:\/\/www.chatillonendiois-tourisme.com\/1346\/language\/fr.html\" target=\"_blank\" rel=\"noopener noreferrer\">Ch\u00e2tillon en Diois<\/a>\u00a0<a href=\"http:\/\/www.chatillonendiois-tourisme.com\/1346\/language\/fr.html\" target=\"_blank\" rel=\"noopener noreferrer\"><img decoding=\"async\" class=\"alignnone wp-image-306\" src=\"https:\/\/glandasstrail.com\/wp-content\/uploads\/2017\/05\/52873690-632063-300x202.jpg\" alt=\"\" width=\"85\" height=\"57\" srcset=\"https:\/\/glandasstrail.com\/wp-content\/uploads\/2017\/05\/52873690-632063-300x202.jpg 300w, https:\/\/glandasstrail.com\/wp-content\/uploads\/2017\/05\/52873690-632063-768x517.jpg 768w, https:\/\/glandasstrail.com\/wp-content\/uploads\/2017\/05\/52873690-632063-1024x689.jpg 1024w\" sizes=\"(max-width: 85px) 100vw, 85px\" \/><\/a><\/p>\n<p>Ici vous trouverez les infos pour vos loger aupr\u00e8s des \u00e9tablissements partenaires, sur les communes partenaires.<\/p>\n<p>Ne pas h\u00e9siter \u00e0 contacter <a href=\"http:\/\/www.chatillonendiois-tourisme.com\/\" target=\"_blank\" rel=\"noopener noreferrer\">l&rsquo;Office du Tourisme de Chatillon en Diois <\/a><\/p>\n<p><a href=\"https:\/\/www.diois-tourisme.com\/fr\/sejourner\/ou-dormir\/chambres-dhotes\/\" target=\"_blank\" rel=\"noopener noreferrer\"><img fetchpriority=\"high\" decoding=\"async\" class=\"alignnone wp-image-290 size-medium\" src=\"https:\/\/glandasstrail.com\/wp-content\/uploads\/2017\/05\/hotel-1-300x212.jpg\" alt=\"\" width=\"300\" height=\"212\" srcset=\"https:\/\/glandasstrail.com\/wp-content\/uploads\/2017\/05\/hotel-1-300x212.jpg 300w, https:\/\/glandasstrail.com\/wp-content\/uploads\/2017\/05\/hotel-1.jpg 590w\" sizes=\"(max-width: 300px) 100vw, 300px\" \/><img decoding=\"async\" class=\"alignnone wp-image-288 size-medium\" src=\"https:\/\/glandasstrail.com\/wp-content\/uploads\/2017\/05\/ch-hote-300x212.jpg\" alt=\"\" width=\"300\" height=\"212\" srcset=\"https:\/\/glandasstrail.com\/wp-content\/uploads\/2017\/05\/ch-hote-300x212.jpg 300w, https:\/\/glandasstrail.com\/wp-content\/uploads\/2017\/05\/ch-hote.jpg 590w\" sizes=\"(max-width: 300px) 100vw, 300px\" \/><\/a> <a href=\"https:\/\/www.diois-tourisme.com\/fr\/sejourner\/ou-dormir\/gites-detape-et-de-sejour\/\" target=\"_blank\" rel=\"noopener noreferrer\"><img loading=\"lazy\" decoding=\"async\" class=\"alignnone wp-image-289 size-medium\" src=\"https:\/\/glandasstrail.com\/wp-content\/uploads\/2017\/05\/gite-300x212.jpg\" alt=\"\" width=\"300\" height=\"212\" srcset=\"https:\/\/glandasstrail.com\/wp-content\/uploads\/2017\/05\/gite-300x212.jpg 300w, https:\/\/glandasstrail.com\/wp-content\/uploads\/2017\/05\/gite.jpg 590w\" sizes=\"(max-width: 300px) 100vw, 300px\" \/><\/a> \u00a0<a href=\"http:\/\/www.glandasstrail.com\/?page_id=435\" target=\"_blank\" rel=\"noopener noreferrer\"><img loading=\"lazy\" decoding=\"async\" class=\"alignnone size-medium wp-image-287\" src=\"https:\/\/glandasstrail.com\/wp-content\/uploads\/2017\/05\/camping-300x212.jpg\" alt=\"\" width=\"300\" height=\"212\" srcset=\"https:\/\/glandasstrail.com\/wp-content\/uploads\/2017\/05\/camping-300x212.jpg 300w, https:\/\/glandasstrail.com\/wp-content\/uploads\/2017\/05\/camping.jpg 590w\" sizes=\"(max-width: 300px) 100vw, 300px\" \/><\/a><a href=\"https:\/\/www.diois-tourisme.com\/fr\/sejourner\/ou-dormir\/locations-saisonnieres\/\" target=\"_blank\" rel=\"noopener noreferrer\"><img loading=\"lazy\" decoding=\"async\" class=\"alignnone wp-image-303 size-medium\" src=\"https:\/\/glandasstrail.com\/wp-content\/uploads\/2017\/05\/location-vac-300x212.jpg\" alt=\"\" width=\"300\" height=\"212\" srcset=\"https:\/\/glandasstrail.com\/wp-content\/uploads\/2017\/05\/location-vac-300x212.jpg 300w, https:\/\/glandasstrail.com\/wp-content\/uploads\/2017\/05\/location-vac.jpg 590w\" sizes=\"(max-width: 300px) 100vw, 300px\" \/><\/a><\/p>\n<p>&nbsp;<\/p>\n<p><a href=\"http:\/\/www.chatillonendiois-tourisme.com\/1254\/language\/fr.html\" target=\"_blank\" rel=\"noopener noreferrer\"><img loading=\"lazy\" decoding=\"async\" class=\"alignnone size-medium wp-image-291\" src=\"https:\/\/glandasstrail.com\/wp-content\/uploads\/2017\/05\/rest-300x212.jpg\" alt=\"\" width=\"300\" height=\"212\" srcset=\"https:\/\/glandasstrail.com\/wp-content\/uploads\/2017\/05\/rest-300x212.jpg 300w, https:\/\/glandasstrail.com\/wp-content\/uploads\/2017\/05\/rest.jpg 590w\" sizes=\"(max-width: 300px) 100vw, 300px\" \/><\/a><a href=\"https:\/\/glandasstrail.com\/wp-content\/uploads\/2017\/05\/eco-local.jpg\"><img loading=\"lazy\" decoding=\"async\" class=\"alignnone size-medium wp-image-292\" src=\"https:\/\/glandasstrail.com\/wp-content\/uploads\/2017\/05\/eco-local-300x212.jpg\" alt=\"\" width=\"300\" height=\"212\" srcset=\"https:\/\/glandasstrail.com\/wp-content\/uploads\/2017\/05\/eco-local-300x212.jpg 300w, https:\/\/glandasstrail.com\/wp-content\/uploads\/2017\/05\/eco-local.jpg 590w\" sizes=\"(max-width: 300px) 100vw, 300px\" \/><\/a><\/p>\n<p><a href=\"https:\/\/www.pasto-kezako.fr\/ou-sont-les-chiens-de-protection-2\/\"><img loading=\"lazy\" decoding=\"async\" class=\"alignnone size-full wp-image-1110\" src=\"https:\/\/glandasstrail.com\/wp-content\/uploads\/2024\/06\/pasto-kezako.png\" alt=\"\" width=\"168\" height=\"80\" \/> Partager la montagne avec les bergers<\/a><\/p>\n","protected":false},"excerpt":{"rendered":"<p>Bien pr\u00e9parer votre s\u00e9jour ! Venir \u00e0 Ch\u00e2tillon en Diois\u00a0 Ici vous trouverez les infos pour vos loger aupr\u00e8s des \u00e9tablissements partenaires, sur les communes partenaires. Ne pas h\u00e9siter \u00e0 contacter l&rsquo;Office du Tourisme de Chatillon en Diois \u00a0 &nbsp; Partager la montagne avec les bergers<\/p>\n","protected":false},"author":1,"featured_media":0,"parent":0,"menu_order":0,"comment_status":"closed","ping_status":"closed","template":"","meta":{"footnotes":""},"class_list":["post-280","page","type-page","status-publish","hentry"],"yoast_head":"<!-- This site is optimized with the Yoast SEO plugin v27.5 - https:\/\/yoast.com\/product\/yoast-seo-wordpress\/ -->\n<title>S\u00e9jour - Glandass&#039;Trail<\/title>\n<meta name=\"robots\" content=\"index, follow, max-snippet:-1, max-image-preview:large, max-video-preview:-1\" \/>\n<link rel=\"canonical\" href=\"https:\/\/glandasstrail.com\/?page_id=280\" \/>\n<meta property=\"og:locale\" content=\"fr_FR\" \/>\n<meta property=\"og:type\" content=\"article\" \/>\n<meta property=\"og:title\" content=\"S\u00e9jour - Glandass&#039;Trail\" \/>\n<meta property=\"og:description\" content=\"Bien pr\u00e9parer votre s\u00e9jour ! Venir \u00e0 Ch\u00e2tillon en Diois\u00a0 Ici vous trouverez les infos pour vos loger aupr\u00e8s des \u00e9tablissements partenaires, sur les communes partenaires. Ne pas h\u00e9siter \u00e0 contacter l&rsquo;Office du Tourisme de Chatillon en Diois \u00a0 &nbsp; Partager la montagne avec les bergers\" \/>\n<meta property=\"og:url\" content=\"https:\/\/glandasstrail.com\/?page_id=280\" \/>\n<meta property=\"og:site_name\" content=\"Glandass&#039;Trail\" \/>\n<meta property=\"article:modified_time\" content=\"2024-06-26T09:25:06+00:00\" \/>\n<meta property=\"og:image\" content=\"http:\/\/glandasstrail.com\/wp-content\/uploads\/2017\/05\/52873690-632063-300x202.jpg\" \/>\n<meta name=\"twitter:label1\" content=\"Dur\u00e9e de lecture estim\u00e9e\" \/>\n\t<meta name=\"twitter:data1\" content=\"3 minutes\" \/>\n<script type=\"application\/ld+json\" class=\"yoast-schema-graph\">{\"@context\":\"https:\\\/\\\/schema.org\",\"@graph\":[{\"@type\":\"WebPage\",\"@id\":\"https:\\\/\\\/glandasstrail.com\\\/?page_id=280\",\"url\":\"https:\\\/\\\/glandasstrail.com\\\/?page_id=280\",\"name\":\"S\u00e9jour - Glandass&#039;Trail\",\"isPartOf\":{\"@id\":\"https:\\\/\\\/glandasstrail.com\\\/#website\"},\"primaryImageOfPage\":{\"@id\":\"https:\\\/\\\/glandasstrail.com\\\/?page_id=280#primaryimage\"},\"image\":{\"@id\":\"https:\\\/\\\/glandasstrail.com\\\/?page_id=280#primaryimage\"},\"thumbnailUrl\":\"http:\\\/\\\/glandasstrail.com\\\/wp-content\\\/uploads\\\/2017\\\/05\\\/52873690-632063-300x202.jpg\",\"datePublished\":\"2017-05-30T14:15:36+00:00\",\"dateModified\":\"2024-06-26T09:25:06+00:00\",\"breadcrumb\":{\"@id\":\"https:\\\/\\\/glandasstrail.com\\\/?page_id=280#breadcrumb\"},\"inLanguage\":\"fr-FR\",\"potentialAction\":[{\"@type\":\"ReadAction\",\"target\":[\"https:\\\/\\\/glandasstrail.com\\\/?page_id=280\"]}]},{\"@type\":\"ImageObject\",\"inLanguage\":\"fr-FR\",\"@id\":\"https:\\\/\\\/glandasstrail.com\\\/?page_id=280#primaryimage\",\"url\":\"http:\\\/\\\/glandasstrail.com\\\/wp-content\\\/uploads\\\/2017\\\/05\\\/52873690-632063-300x202.jpg\",\"contentUrl\":\"http:\\\/\\\/glandasstrail.com\\\/wp-content\\\/uploads\\\/2017\\\/05\\\/52873690-632063-300x202.jpg\"},{\"@type\":\"BreadcrumbList\",\"@id\":\"https:\\\/\\\/glandasstrail.com\\\/?page_id=280#breadcrumb\",\"itemListElement\":[{\"@type\":\"ListItem\",\"position\":1,\"name\":\"Accueil\",\"item\":\"https:\\\/\\\/glandasstrail.com\\\/\"},{\"@type\":\"ListItem\",\"position\":2,\"name\":\"S\u00e9jour\"}]},{\"@type\":\"WebSite\",\"@id\":\"https:\\\/\\\/glandasstrail.com\\\/#website\",\"url\":\"https:\\\/\\\/glandasstrail.com\\\/\",\"name\":\"Glandass&#039;Trail\",\"description\":\"Le trail des hauts plateaux du vercors\",\"potentialAction\":[{\"@type\":\"SearchAction\",\"target\":{\"@type\":\"EntryPoint\",\"urlTemplate\":\"https:\\\/\\\/glandasstrail.com\\\/?s={search_term_string}\"},\"query-input\":{\"@type\":\"PropertyValueSpecification\",\"valueRequired\":true,\"valueName\":\"search_term_string\"}}],\"inLanguage\":\"fr-FR\"}]}<\/script>\n<!-- \/ Yoast SEO plugin. -->","yoast_head_json":{"title":"S\u00e9jour - Glandass&#039;Trail","robots":{"index":"index","follow":"follow","max-snippet":"max-snippet:-1","max-image-preview":"max-image-preview:large","max-video-preview":"max-video-preview:-1"},"canonical":"https:\/\/glandasstrail.com\/?page_id=280","og_locale":"fr_FR","og_type":"article","og_title":"S\u00e9jour - Glandass&#039;Trail","og_description":"Bien pr\u00e9parer votre s\u00e9jour ! Venir \u00e0 Ch\u00e2tillon en Diois\u00a0 Ici vous trouverez les infos pour vos loger aupr\u00e8s des \u00e9tablissements partenaires, sur les communes partenaires. Ne pas h\u00e9siter \u00e0 contacter l&rsquo;Office du Tourisme de Chatillon en Diois \u00a0 &nbsp; Partager la montagne avec les bergers","og_url":"https:\/\/glandasstrail.com\/?page_id=280","og_site_name":"Glandass&#039;Trail","article_modified_time":"2024-06-26T09:25:06+00:00","og_image":[{"url":"http:\/\/glandasstrail.com\/wp-content\/uploads\/2017\/05\/52873690-632063-300x202.jpg","type":"","width":"","height":""}],"twitter_misc":{"Dur\u00e9e de lecture estim\u00e9e":"3 minutes"},"schema":{"@context":"https:\/\/schema.org","@graph":[{"@type":"WebPage","@id":"https:\/\/glandasstrail.com\/?page_id=280","url":"https:\/\/glandasstrail.com\/?page_id=280","name":"S\u00e9jour - Glandass&#039;Trail","isPartOf":{"@id":"https:\/\/glandasstrail.com\/#website"},"primaryImageOfPage":{"@id":"https:\/\/glandasstrail.com\/?page_id=280#primaryimage"},"image":{"@id":"https:\/\/glandasstrail.com\/?page_id=280#primaryimage"},"thumbnailUrl":"http:\/\/glandasstrail.com\/wp-content\/uploads\/2017\/05\/52873690-632063-300x202.jpg","datePublished":"2017-05-30T14:15:36+00:00","dateModified":"2024-06-26T09:25:06+00:00","breadcrumb":{"@id":"https:\/\/glandasstrail.com\/?page_id=280#breadcrumb"},"inLanguage":"fr-FR","potentialAction":[{"@type":"ReadAction","target":["https:\/\/glandasstrail.com\/?page_id=280"]}]},{"@type":"ImageObject","inLanguage":"fr-FR","@id":"https:\/\/glandasstrail.com\/?page_id=280#primaryimage","url":"http:\/\/glandasstrail.com\/wp-content\/uploads\/2017\/05\/52873690-632063-300x202.jpg","contentUrl":"http:\/\/glandasstrail.com\/wp-content\/uploads\/2017\/05\/52873690-632063-300x202.jpg"},{"@type":"BreadcrumbList","@id":"https:\/\/glandasstrail.com\/?page_id=280#breadcrumb","itemListElement":[{"@type":"ListItem","position":1,"name":"Accueil","item":"https:\/\/glandasstrail.com\/"},{"@type":"ListItem","position":2,"name":"S\u00e9jour"}]},{"@type":"WebSite","@id":"https:\/\/glandasstrail.com\/#website","url":"https:\/\/glandasstrail.com\/","name":"Glandass&#039;Trail","description":"Le trail des hauts plateaux du vercors","potentialAction":[{"@type":"SearchAction","target":{"@type":"EntryPoint","urlTemplate":"https:\/\/glandasstrail.com\/?s={search_term_string}"},"query-input":{"@type":"PropertyValueSpecification","valueRequired":true,"valueName":"search_term_string"}}],"inLanguage":"fr-FR"}]}},"_links":{"self":[{"href":"https:\/\/glandasstrail.com\/index.php?rest_route=\/wp\/v2\/pages\/280","targetHints":{"allow":["GET"]}}],"collection":[{"href":"https:\/\/glandasstrail.com\/index.php?rest_route=\/wp\/v2\/pages"}],"about":[{"href":"https:\/\/glandasstrail.com\/index.php?rest_route=\/wp\/v2\/types\/page"}],"author":[{"embeddable":true,"href":"https:\/\/glandasstrail.com\/index.php?rest_route=\/wp\/v2\/users\/1"}],"replies":[{"embeddable":true,"href":"https:\/\/glandasstrail.com\/index.php?rest_route=%2Fwp%2Fv2%2Fcomments&post=280"}],"version-history":[{"count":17,"href":"https:\/\/glandasstrail.com\/index.php?rest_route=\/wp\/v2\/pages\/280\/revisions"}],"predecessor-version":[{"id":1111,"href":"https:\/\/glandasstrail.com\/index.php?rest_route=\/wp\/v2\/pages\/280\/revisions\/1111"}],"wp:attachment":[{"href":"https:\/\/glandasstrail.com\/index.php?rest_route=%2Fwp%2Fv2%2Fmedia&parent=280"}],"curies":[{"name":"wp","href":"https:\/\/api.w.org\/{rel}","templated":true}]}}